{"id":163,"date":"2017-07-26T13:28:38","date_gmt":"2017-07-26T11:28:38","guid":{"rendered":"http:\/\/anaismargarit.com\/?page_id=163"},"modified":"2017-08-17T22:50:14","modified_gmt":"2017-08-17T20:50:14","slug":"remediation-cognitive","status":"publish","type":"page","link":"https:\/\/anaismargarit.com\/index.php\/remediation-cognitive\/","title":{"rendered":"Rem\u00e9diation cognitive"},"content":{"rendered":"<p align=\"JUSTIFY\"><span style=\"color: #184697;\">Lors de s\u00e9ances individuelles, je vous propose diff\u00e9rents exercices permettant de stimuler diff\u00e9rentes fonctions cognitives (m\u00e9moire, attention, m\u00e9moire de travail, etc.), en relation avec les besoins rep\u00e9r\u00e9s lors du bilan neuropsychologique.<\/span><\/p>\n<p align=\"JUSTIFY\"><span style=\"color: #0a4a96;\">En rem\u00e9diation, je peux cibler une<span style=\"color: #f1a81b;\"> <b>comp\u00e9tence sp\u00e9cifique<\/b><\/span> (par exemple les capacit\u00e9s attentionnelles), <span style=\"color: #f1a81b;\"><b>ou plus g\u00e9n\u00e9rale<\/b><\/span> (stimulation cognitive globale pour les s\u00e9niors). Il est important, pour qu\u2019elles puissent avoir un effet, que les s\u00e9ances soient rapproch\u00e9es et que certains exercices soient repris \u00e0 la maison. Au-del\u00e0 de l\u2019impact de la rem\u00e9diation au cabinet, mon but est de vous aiguiller pour reproduire les exercices seuls par la suite.<\/span><\/p>\n<p align=\"JUSTIFY\"><span style=\"color: #0a4a96;\">Dans certains cas, je vous propose plut\u00f4t de la r\u00e9adaptation, il s\u2019agit de <span style=\"color: #f1a81b;\"><b>compenser certains fonctionnements cognitifs d\u00e9ficitaires<\/b><\/span> (par exemple des proc\u00e9duriers s\u2019il vous est difficile de vous organiser).<\/span><\/p>\n<p align=\"JUSTIFY\"><span style=\"color: #0a4a96;\">La rem\u00e9diation cognitive est compatible avec vos s\u00e9ances de r\u00e9\u00e9ducation en ergoth\u00e9rapie, psychomotricit\u00e9, orthophonie. Dans ce cas, il est important que les professionnels soient en contact pour organiser de mani\u00e8re globale votre projet de soin.<\/span><\/p>\n","protected":false},"excerpt":{"rendered":"<p>Lors de s\u00e9ances individuelles, je vous propose diff\u00e9rents exercices permettant de stimuler diff\u00e9rentes fonctions cognitives (m\u00e9moire, attention, m\u00e9moire de travail, etc.), en relation avec les besoins rep\u00e9r\u00e9s lors du bilan neuropsychologique. En rem\u00e9diation, je peux cibler une comp\u00e9tence sp\u00e9cifique (par exemple les capacit\u00e9s attentionnelles), ou plus g\u00e9n\u00e9rale (stimulation cognitive globale pour les s\u00e9niors). Il est &hellip; <\/p>\n<p class=\"link-more\"><a href=\"https:\/\/anaismargarit.com\/index.php\/remediation-cognitive\/\" class=\"more-link\">Continue reading<span class=\"screen-reader-text\"> &#8220;Rem\u00e9diation cognitive&#8221;<\/span><\/a><\/p>\n","protected":false},"author":1,"featured_media":0,"parent":0,"menu_order":0,"comment_status":"closed","ping_status":"closed","template":"","meta":{"footnotes":""},"class_list":["post-163","page","type-page","status-publish","hentry"],"_links":{"self":[{"href":"https:\/\/anaismargarit.com\/index.php\/wp-json\/wp\/v2\/pages\/163","targetHints":{"allow":["GET"]}}],"collection":[{"href":"https:\/\/anaismargarit.com\/index.php\/wp-json\/wp\/v2\/pages"}],"about":[{"href":"https:\/\/anaismargarit.com\/index.php\/wp-json\/wp\/v2\/types\/page"}],"author":[{"embeddable":true,"href":"https:\/\/anaismargarit.com\/index.php\/wp-json\/wp\/v2\/users\/1"}],"replies":[{"embeddable":true,"href":"https:\/\/anaismargarit.com\/index.php\/wp-json\/wp\/v2\/comments?post=163"}],"version-history":[{"count":0,"href":"https:\/\/anaismargarit.com\/index.php\/wp-json\/wp\/v2\/pages\/163\/revisions"}],"wp:attachment":[{"href":"https:\/\/anaismargarit.com\/index.php\/wp-json\/wp\/v2\/media?parent=163"}],"curies":[{"name":"wp","href":"https:\/\/api.w.org\/{rel}","templated":true}]}}